{"id":2423,"date":"2016-08-17T15:51:13","date_gmt":"2016-08-17T15:51:13","guid":{"rendered":"http:\/\/sps.gov.ba\/?page_id=2423&#038;lang=en"},"modified":"2024-01-26T10:22:24","modified_gmt":"2024-01-26T10:22:24","slug":"home-eng","status":"publish","type":"page","link":"https:\/\/sps.gov.ba","title":{"rendered":"Home"},"content":{"rendered":"<div id=\"brziLinkovi\">\n<div class=\"box\">\n<div class=\"row \">\n<div class=\"span4 \"><div class=\"iIcon\"><a href=\"https:\/\/sps.gov.ba\/elektronski-obrasci\/?lang=en\"><br \/>\n<i class=\"fa fa-3x fa-file-text-o\"><\/i><\/a><\/div>\n<h3>Forms<\/h3><\/div>\n<div class=\"span4 \"><div class=\"iIcon\"><a href=\"https:\/\/sps.gov.ba\/potrebni-dokumenti\/?lang=en\"><br \/>\n<i class=\"fa fa-3x fa-wpforms\"><\/i><\/a><\/div>\n<h3>Required documents<\/h3><\/div>\n<div class=\"span4 \"><div class=\"iIcon\"><a href=\"https:\/\/sps.gov.ba\/najcesca-pitanja\/?lang=en\"><br \/>\n<i class=\"fa fa-3x fa-volume-control-phone\"><\/i><\/a><\/div>\n<h3>The most frequent questions<\/h3><\/div>\n<\/div><!-- .row (end) -->\n<div class=\"row \">\n<div class=\"span4 \"><div class=\"iIcon\"><a href=\"https:\/\/sps.gov.ba\/ulazak-stranaca-u-bih\/?lang=en\"><br \/>\n<i class=\"fa fa-3x fa-share\"><\/i><br \/>\n<\/a><\/div>\n<h3>ENTRY OF ALIENS TO BiH<\/h3><\/div>\n<div class=\"span4 \"><div class=\"iIcon\"><a href=\"https:\/\/sps.gov.ba\/boravak-stranaca-u-bih\/?lang=en\"><br \/>\n<i class=\"fa fa-3x fa-briefcase\"><\/i><br \/>\n<\/a><\/div>\n<h3>Stay of aliens in BiH<\/h3><\/div>\n<div class=\"span4 \"><div class=\"iIcon\"><a href=\"https:\/\/sps.gov.ba\/terenski-centri\/?lang=en\"><br \/>\n<i class=\"fa fa-3x fa-flag\"><\/i><br \/>\n<\/a><\/div>\n<h3>Field Offices<\/h3><\/div>\n<\/div><!-- .row (end) -->\n<\/div>\n<\/div>\n<div class=\"row \">\n<div class=\"span12 \"><div class=\"carousel-wrap \"><h2>Recent news<\/h2><div id=\"carousel-\" class=\"es-carousel-wrapper\"><div class=\"es-carousel\"><ul class=\"es-carousel_list unstyled\"><li class=\"es-carousel_li \"><div class=\"framing\"><figure class=\"featured-thumbnail\"><a href=\"https:\/\/sps.gov.ba?p=9887\" title=\"JAVNI OGLAS\"><img decoding=\"async\" src=\"https:\/\/sps.gov.ba\/wp-content\/uploads\/2022\/06\/Grb_Sluzbe-270x200.jpg\" alt=\"JAVNI OGLAS\" \/><\/a><\/figure><h5><a href=\"https:\/\/sps.gov.ba?p=9887\" title=\"JAVNI OGLAS\">JAVNI OGLAS<\/a><\/h5><\/div><div class=\"desc\"><p class=\"excerpt\">Javni oglas za popunjavanje radnih mjesta dr\u017eavnih slu\u017ebenika u Slu\u017ebi za poslove sa strancima mo\u017eete preuzeti OVDJE... <\/p><a href=\"https:\/\/sps.gov.ba?p=9887\" class=\"btn btn-primary\" title=\"JAVNI OGLAS\">Vi\u0161e<\/a><\/div><\/li><li class=\"es-carousel_li \"><div class=\"framing\"><figure class=\"featured-thumbnail\"><a href=\"https:\/\/sps.gov.ba?p=9836\" title=\"Sastanak direktora Lakete i novoimenovanog \u0161efa misije IOM-a u BiH\"><img decoding=\"async\" src=\"https:\/\/sps.gov.ba\/wp-content\/uploads\/2026\/03\/24353535-e1773906268200-270x200.jpg\" alt=\"Sastanak direktora Lakete i novoimenovanog \u0161efa misije IOM-a u BiH\" \/><\/a><\/figure><h5><a href=\"https:\/\/sps.gov.ba?p=9836\" title=\"Sastanak direktora Lakete i novoimenovanog \u0161efa misije IOM-a u BiH\">Sastanak direktora Lakete i novoimenovanog \u0161efa misije IOM-a u BiH<\/a><\/h5><\/div><figure class=\"featured-thumbnail\" style=\"display:none;\"><a href=\"https:\/\/sps.gov.ba?p=9836\" title=\"Sastanak direktora Lakete i novoimenovanog \u0161efa misije IOM-a u BiH\"><img decoding=\"async\" src=\"https:\/\/sps.gov.ba\/wp-content\/uploads\/2026\/03\/5464564564645-270x200.jpg\" alt=\"Sastanak direktora Lakete i novoimenovanog \u0161efa misije IOM-a u BiH\" \/><\/a><\/figure><div class=\"desc\"><p class=\"excerpt\">Direktor Slu\u017ebe za poslove sa strancima, \u017darko Laketa primio je dana 18.03.2026. godine u posjetu novoimenovanog \u0161efa Misije Me\u0111unarodne organizacije... <\/p><a href=\"https:\/\/sps.gov.ba?p=9836\" class=\"btn btn-primary\" title=\"Sastanak direktora Lakete i novoimenovanog \u0161efa misije IOM-a u BiH\">Vi\u0161e<\/a><\/div><\/li><li class=\"es-carousel_li \"><div class=\"framing\"><figure class=\"featured-thumbnail\"><a href=\"https:\/\/sps.gov.ba?p=9830\" title=\"Direktor Laketa i \u0161ef Policije Br\u010dko distrikta razgovarali o migracionim kretanjima\"><img decoding=\"async\" src=\"https:\/\/sps.gov.ba\/wp-content\/uploads\/2026\/03\/ab359afd-6f88-4d07-b2df-f91523b46e54-e1774605746715-270x200.jpeg\" alt=\"Direktor Laketa i \u0161ef Policije Br\u010dko distrikta razgovarali o migracionim kretanjima\" \/><\/a><\/figure><h5><a href=\"https:\/\/sps.gov.ba?p=9830\" title=\"Direktor Laketa i \u0161ef Policije Br\u010dko distrikta razgovarali o migracionim kretanjima\">Direktor Laketa i \u0161ef Policije Br\u010dko distrikta razgovarali o migracionim kretanjima<\/a><\/h5><\/div><div class=\"desc\"><p class=\"excerpt\">Direktor Slu\u017ebe za poslove sa strancima Bosne i Hercegovine, \u017darko Laketa, odr\u017eao je sastanak sa \u0161efom Policije Br\u010dko distrikta Bosne... <\/p><a href=\"https:\/\/sps.gov.ba?p=9830\" class=\"btn btn-primary\" title=\"Direktor Laketa i \u0161ef Policije Br\u010dko distrikta razgovarali o migracionim kretanjima\">Vi\u0161e<\/a><\/div><\/li><li class=\"es-carousel_li \"><div class=\"framing\"><figure class=\"featured-thumbnail\"><a href=\"https:\/\/sps.gov.ba?p=9824\" title=\"Direktor Laketa odr\u017eao sastanak sa pomo\u0107nikom direktora ICITAP-a\"><img decoding=\"async\" src=\"https:\/\/sps.gov.ba\/wp-content\/uploads\/2026\/03\/Bez-naslova-e1773412449805-270x200.jpg\" alt=\"Direktor Laketa odr\u017eao sastanak sa pomo\u0107nikom direktora ICITAP-a\" \/><\/a><\/figure><h5><a href=\"https:\/\/sps.gov.ba?p=9824\" title=\"Direktor Laketa odr\u017eao sastanak sa pomo\u0107nikom direktora ICITAP-a\">Direktor Laketa odr\u017eao sastanak sa pomo\u0107nikom direktora ICITAP-a<\/a><\/h5><\/div><figure class=\"featured-thumbnail\" style=\"display:none;\"><a href=\"https:\/\/sps.gov.ba?p=9824\" title=\"Direktor Laketa odr\u017eao sastanak sa pomo\u0107nikom direktora ICITAP-a\"><img decoding=\"async\" src=\"https:\/\/sps.gov.ba\/wp-content\/uploads\/2026\/03\/Bez-naslova876867867-270x200.jpg\" alt=\"Direktor Laketa odr\u017eao sastanak sa pomo\u0107nikom direktora ICITAP-a\" \/><\/a><\/figure><figure class=\"featured-thumbnail\" style=\"display:none;\"><a href=\"https:\/\/sps.gov.ba?p=9824\" title=\"Direktor Laketa odr\u017eao sastanak sa pomo\u0107nikom direktora ICITAP-a\"><img decoding=\"async\" src=\"https:\/\/sps.gov.ba\/wp-content\/uploads\/2026\/03\/IMG_0770-scaled-270x200.jpeg\" alt=\"Direktor Laketa odr\u017eao sastanak sa pomo\u0107nikom direktora ICITAP-a\" \/><\/a><\/figure><figure class=\"featured-thumbnail\" style=\"display:none;\"><a href=\"https:\/\/sps.gov.ba?p=9824\" title=\"Direktor Laketa odr\u017eao sastanak sa pomo\u0107nikom direktora ICITAP-a\"><img decoding=\"async\" src=\"https:\/\/sps.gov.ba\/wp-content\/uploads\/2026\/03\/IMG_0770-1-scaled-270x200.jpeg\" alt=\"Direktor Laketa odr\u017eao sastanak sa pomo\u0107nikom direktora ICITAP-a\" \/><\/a><\/figure><div class=\"desc\"><p class=\"excerpt\">Direktor Slu\u017ebe za poslove sa strancima, \u017darko Laketa odr\u017eao je sastanak sa Stevenom Fieldsom, pomo\u0107nikom direktora ICITAP-a (International Criminal Investigative... <\/p><a href=\"https:\/\/sps.gov.ba?p=9824\" class=\"btn btn-primary\" title=\"Direktor Laketa odr\u017eao sastanak sa pomo\u0107nikom direktora ICITAP-a\">Vi\u0161e<\/a><\/div><\/li><li class=\"es-carousel_li \"><div class=\"framing\"><figure class=\"featured-thumbnail\"><a href=\"https:\/\/sps.gov.ba?p=9811\" title=\"Posjeta predstavnika EUFOR-a Slu\u017ebi za poslove sa strancima\"><img decoding=\"async\" src=\"https:\/\/sps.gov.ba\/wp-content\/uploads\/2026\/03\/eufor1-270x200.jpg\" alt=\"Posjeta predstavnika EUFOR-a Slu\u017ebi za poslove sa strancima\" \/><\/a><\/figure><h5><a href=\"https:\/\/sps.gov.ba?p=9811\" title=\"Posjeta predstavnika EUFOR-a Slu\u017ebi za poslove sa strancima\">Posjeta predstavnika EUFOR-a Slu\u017ebi za poslove sa strancima<\/a><\/h5><\/div><figure class=\"featured-thumbnail\" style=\"display:none;\"><a href=\"https:\/\/sps.gov.ba?p=9811\" title=\"Posjeta predstavnika EUFOR-a Slu\u017ebi za poslove sa strancima\"><img decoding=\"async\" src=\"https:\/\/sps.gov.ba\/wp-content\/uploads\/2026\/03\/eufor2-270x200.jpg\" alt=\"Posjeta predstavnika EUFOR-a Slu\u017ebi za poslove sa strancima\" \/><\/a><\/figure><figure class=\"featured-thumbnail\" style=\"display:none;\"><a href=\"https:\/\/sps.gov.ba?p=9811\" title=\"Posjeta predstavnika EUFOR-a Slu\u017ebi za poslove sa strancima\"><img decoding=\"async\" src=\"https:\/\/sps.gov.ba\/wp-content\/uploads\/2026\/03\/eufor-270x200.jpg\" alt=\"Posjeta predstavnika EUFOR-a Slu\u017ebi za poslove sa strancima\" \/><\/a><\/figure><figure class=\"featured-thumbnail\" style=\"display:none;\"><a href=\"https:\/\/sps.gov.ba?p=9811\" title=\"Posjeta predstavnika EUFOR-a Slu\u017ebi za poslove sa strancima\"><img decoding=\"async\" src=\"https:\/\/sps.gov.ba\/wp-content\/uploads\/2026\/03\/eufor3-270x200.jpg\" alt=\"Posjeta predstavnika EUFOR-a Slu\u017ebi za poslove sa strancima\" \/><\/a><\/figure><figure class=\"featured-thumbnail\" style=\"display:none;\"><a href=\"https:\/\/sps.gov.ba?p=9811\" title=\"Posjeta predstavnika EUFOR-a Slu\u017ebi za poslove sa strancima\"><img decoding=\"async\" src=\"https:\/\/sps.gov.ba\/wp-content\/uploads\/2026\/03\/eufor4-270x200.jpg\" alt=\"Posjeta predstavnika EUFOR-a Slu\u017ebi za poslove sa strancima\" \/><\/a><\/figure><figure class=\"featured-thumbnail\" style=\"display:none;\"><a href=\"https:\/\/sps.gov.ba?p=9811\" title=\"Posjeta predstavnika EUFOR-a Slu\u017ebi za poslove sa strancima\"><img decoding=\"async\" src=\"https:\/\/sps.gov.ba\/wp-content\/uploads\/2026\/03\/eufor5-270x200.jpg\" alt=\"Posjeta predstavnika EUFOR-a Slu\u017ebi za poslove sa strancima\" \/><\/a><\/figure><figure class=\"featured-thumbnail\" style=\"display:none;\"><a href=\"https:\/\/sps.gov.ba?p=9811\" title=\"Posjeta predstavnika EUFOR-a Slu\u017ebi za poslove sa strancima\"><img decoding=\"async\" src=\"https:\/\/sps.gov.ba\/wp-content\/uploads\/2026\/03\/eufor6-270x200.jpg\" alt=\"Posjeta predstavnika EUFOR-a Slu\u017ebi za poslove sa strancima\" \/><\/a><\/figure><div class=\"desc\"><p class=\"excerpt\">Direktor Slu\u017ebe za poslove sa strancima Bosne i Hercegovine, \u017darko Laketa, dana 12. marta 2026. godine ugostio je zamjenika komandanta... <\/p><a href=\"https:\/\/sps.gov.ba?p=9811\" class=\"btn btn-primary\" title=\"Posjeta predstavnika EUFOR-a Slu\u017ebi za poslove sa strancima\">Vi\u0161e<\/a><\/div><\/li><li class=\"es-carousel_li \"><div class=\"framing\"><figure class=\"featured-thumbnail\"><a href=\"https:\/\/sps.gov.ba?p=9786\" title=\"Sve\u010dana primopredaja opreme u okviru VMM projekta\"><img decoding=\"async\" src=\"https:\/\/sps.gov.ba\/wp-content\/uploads\/2026\/03\/5352523523-270x200.jpg\" alt=\"Sve\u010dana primopredaja opreme u okviru VMM projekta\" \/><\/a><\/figure><h5><a href=\"https:\/\/sps.gov.ba?p=9786\" title=\"Sve\u010dana primopredaja opreme u okviru VMM projekta\">Sve\u010dana primopredaja opreme u okviru VMM projekta<\/a><\/h5><\/div><figure class=\"featured-thumbnail\" style=\"display:none;\"><a href=\"https:\/\/sps.gov.ba?p=9786\" title=\"Sve\u010dana primopredaja opreme u okviru VMM projekta\"><img decoding=\"async\" src=\"https:\/\/sps.gov.ba\/wp-content\/uploads\/2026\/03\/5235252352352-270x200.jpg\" alt=\"Sve\u010dana primopredaja opreme u okviru VMM projekta\" \/><\/a><\/figure><figure class=\"featured-thumbnail\" style=\"display:none;\"><a href=\"https:\/\/sps.gov.ba?p=9786\" title=\"Sve\u010dana primopredaja opreme u okviru VMM projekta\"><img decoding=\"async\" src=\"https:\/\/sps.gov.ba\/wp-content\/uploads\/2026\/03\/9879789879789-270x200.jpg\" alt=\"Sve\u010dana primopredaja opreme u okviru VMM projekta\" \/><\/a><\/figure><figure class=\"featured-thumbnail\" style=\"display:none;\"><a href=\"https:\/\/sps.gov.ba?p=9786\" title=\"Sve\u010dana primopredaja opreme u okviru VMM projekta\"><img decoding=\"async\" src=\"https:\/\/sps.gov.ba\/wp-content\/uploads\/2026\/03\/67556757567-270x200.jpg\" alt=\"Sve\u010dana primopredaja opreme u okviru VMM projekta\" \/><\/a><\/figure><figure class=\"featured-thumbnail\" style=\"display:none;\"><a href=\"https:\/\/sps.gov.ba?p=9786\" title=\"Sve\u010dana primopredaja opreme u okviru VMM projekta\"><img decoding=\"async\" src=\"https:\/\/sps.gov.ba\/wp-content\/uploads\/2026\/03\/243243242424234-270x200.jpg\" alt=\"Sve\u010dana primopredaja opreme u okviru VMM projekta\" \/><\/a><\/figure><figure class=\"featured-thumbnail\" style=\"display:none;\"><a href=\"https:\/\/sps.gov.ba?p=9786\" title=\"Sve\u010dana primopredaja opreme u okviru VMM projekta\"><img decoding=\"async\" src=\"https:\/\/sps.gov.ba\/wp-content\/uploads\/2026\/03\/8678678678678-270x200.jpg\" alt=\"Sve\u010dana primopredaja opreme u okviru VMM projekta\" \/><\/a><\/figure><figure class=\"featured-thumbnail\" style=\"display:none;\"><a href=\"https:\/\/sps.gov.ba?p=9786\" title=\"Sve\u010dana primopredaja opreme u okviru VMM projekta\"><img decoding=\"async\" src=\"https:\/\/sps.gov.ba\/wp-content\/uploads\/2026\/03\/0980890980890-270x200.jpg\" alt=\"Sve\u010dana primopredaja opreme u okviru VMM projekta\" \/><\/a><\/figure><figure class=\"featured-thumbnail\" style=\"display:none;\"><a href=\"https:\/\/sps.gov.ba?p=9786\" title=\"Sve\u010dana primopredaja opreme u okviru VMM projekta\"><img decoding=\"async\" src=\"https:\/\/sps.gov.ba\/wp-content\/uploads\/2026\/03\/98798798798797-270x200.jpg\" alt=\"Sve\u010dana primopredaja opreme u okviru VMM projekta\" \/><\/a><\/figure><figure class=\"featured-thumbnail\" style=\"display:none;\"><a href=\"https:\/\/sps.gov.ba?p=9786\" title=\"Sve\u010dana primopredaja opreme u okviru VMM projekta\"><img decoding=\"async\" src=\"https:\/\/sps.gov.ba\/wp-content\/uploads\/2026\/03\/6457687989879-270x200.jpg\" alt=\"Sve\u010dana primopredaja opreme u okviru VMM projekta\" \/><\/a><\/figure><div class=\"desc\"><p class=\"excerpt\">U prostorijama Slu\u017ebe za poslove sa strancima uprili\u010dena je sve\u010dana primopredaja opreme, donirane u okviru projekta VMM (Victim-centred Migration Management... <\/p><a href=\"https:\/\/sps.gov.ba?p=9786\" class=\"btn btn-primary\" title=\"Sve\u010dana primopredaja opreme u okviru VMM projekta\">Vi\u0161e<\/a><\/div><\/li><li class=\"es-carousel_li \"><div class=\"framing\"><figure class=\"featured-thumbnail\"><a href=\"https:\/\/sps.gov.ba?p=9766\" title=\"Posjeta Evropske agencije za azil Slu\u017ebi za poslove sa strancima\"><img decoding=\"async\" src=\"https:\/\/sps.gov.ba\/wp-content\/uploads\/2026\/02\/Bez-naslova0808-e1772622142700-270x200.jpg\" alt=\"Posjeta Evropske agencije za azil Slu\u017ebi za poslove sa strancima\" \/><\/a><\/figure><h5><a href=\"https:\/\/sps.gov.ba?p=9766\" title=\"Posjeta Evropske agencije za azil Slu\u017ebi za poslove sa strancima\">Posjeta Evropske agencije za azil Slu\u017ebi za poslove sa strancima<\/a><\/h5><\/div><figure class=\"featured-thumbnail\" style=\"display:none;\"><a href=\"https:\/\/sps.gov.ba?p=9766\" title=\"Posjeta Evropske agencije za azil Slu\u017ebi za poslove sa strancima\"><img decoding=\"async\" src=\"https:\/\/sps.gov.ba\/wp-content\/uploads\/2026\/02\/Bez-naslova0808-1-270x200.jpg\" alt=\"Posjeta Evropske agencije za azil Slu\u017ebi za poslove sa strancima\" \/><\/a><\/figure><figure class=\"featured-thumbnail\" style=\"display:none;\"><a href=\"https:\/\/sps.gov.ba?p=9766\" title=\"Posjeta Evropske agencije za azil Slu\u017ebi za poslove sa strancima\"><img decoding=\"async\" src=\"https:\/\/sps.gov.ba\/wp-content\/uploads\/2026\/02\/Bez-naslova54353453453-270x200.jpg\" alt=\"Posjeta Evropske agencije za azil Slu\u017ebi za poslove sa strancima\" \/><\/a><\/figure><figure class=\"featured-thumbnail\" style=\"display:none;\"><a href=\"https:\/\/sps.gov.ba?p=9766\" title=\"Posjeta Evropske agencije za azil Slu\u017ebi za poslove sa strancima\"><img decoding=\"async\" src=\"https:\/\/sps.gov.ba\/wp-content\/uploads\/2026\/02\/Bez-naslova7979797977-270x200.jpg\" alt=\"Posjeta Evropske agencije za azil Slu\u017ebi za poslove sa strancima\" \/><\/a><\/figure><figure class=\"featured-thumbnail\" style=\"display:none;\"><a href=\"https:\/\/sps.gov.ba?p=9766\" title=\"Posjeta Evropske agencije za azil Slu\u017ebi za poslove sa strancima\"><img decoding=\"async\" src=\"https:\/\/sps.gov.ba\/wp-content\/uploads\/2026\/02\/IMG_0342-scaled-270x200.jpeg\" alt=\"Posjeta Evropske agencije za azil Slu\u017ebi za poslove sa strancima\" \/><\/a><\/figure><figure class=\"featured-thumbnail\" style=\"display:none;\"><a href=\"https:\/\/sps.gov.ba?p=9766\" title=\"Posjeta Evropske agencije za azil Slu\u017ebi za poslove sa strancima\"><img decoding=\"async\" src=\"https:\/\/sps.gov.ba\/wp-content\/uploads\/2026\/02\/Bez-naslova543534543543-270x200.jpg\" alt=\"Posjeta Evropske agencije za azil Slu\u017ebi za poslove sa strancima\" \/><\/a><\/figure><figure class=\"featured-thumbnail\" style=\"display:none;\"><a href=\"https:\/\/sps.gov.ba?p=9766\" title=\"Posjeta Evropske agencije za azil Slu\u017ebi za poslove sa strancima\"><img decoding=\"async\" src=\"https:\/\/sps.gov.ba\/wp-content\/uploads\/2026\/02\/IMG_0327-scaled-270x200.jpeg\" alt=\"Posjeta Evropske agencije za azil Slu\u017ebi za poslove sa strancima\" \/><\/a><\/figure><figure class=\"featured-thumbnail\" style=\"display:none;\"><a href=\"https:\/\/sps.gov.ba?p=9766\" title=\"Posjeta Evropske agencije za azil Slu\u017ebi za poslove sa strancima\"><img decoding=\"async\" src=\"https:\/\/sps.gov.ba\/wp-content\/uploads\/2026\/02\/IMG_03351-scaled-270x200.jpeg\" alt=\"Posjeta Evropske agencije za azil Slu\u017ebi za poslove sa strancima\" \/><\/a><\/figure><div class=\"desc\"><p class=\"excerpt\">U prostorijama Slu\u017ebe za poslove sa strancima uprili\u010dena je posjeta delegacije Evropske agencije za azil (EUAA), s ciljem ja\u010danja saradnje... <\/p><a href=\"https:\/\/sps.gov.ba?p=9766\" class=\"btn btn-primary\" title=\"Posjeta Evropske agencije za azil Slu\u017ebi za poslove sa strancima\">Vi\u0161e<\/a><\/div><\/li><li class=\"es-carousel_li \"><div class=\"framing\"><figure class=\"featured-thumbnail\"><a href=\"https:\/\/sps.gov.ba?p=9749\" title=\"Zamjenik direktora Grani\u010dne slu\u017ebe Ujedinjenog Kraljevstva u posjeti Slu\u017ebi za poslove sa strancima\"><img decoding=\"async\" src=\"https:\/\/sps.gov.ba\/wp-content\/uploads\/2026\/02\/IMG_0316-e1772025981310-270x200.jpeg\" alt=\"Zamjenik direktora Grani\u010dne slu\u017ebe Ujedinjenog Kraljevstva u posjeti Slu\u017ebi za poslove sa strancima\" \/><\/a><\/figure><h5><a href=\"https:\/\/sps.gov.ba?p=9749\" title=\"Zamjenik direktora Grani\u010dne slu\u017ebe Ujedinjenog Kraljevstva u posjeti Slu\u017ebi za poslove sa strancima\">Zamjenik direktora Grani\u010dne slu\u017ebe Ujedinjenog Kraljevstva u posjeti Slu\u017ebi za poslove sa strancima<\/a><\/h5><\/div><figure class=\"featured-thumbnail\" style=\"display:none;\"><a href=\"https:\/\/sps.gov.ba?p=9749\" title=\"Zamjenik direktora Grani\u010dne slu\u017ebe Ujedinjenog Kraljevstva u posjeti Slu\u017ebi za poslove sa strancima\"><img decoding=\"async\" src=\"https:\/\/sps.gov.ba\/wp-content\/uploads\/2026\/02\/IMG_0305-scaled-270x200.jpeg\" alt=\"Zamjenik direktora Grani\u010dne slu\u017ebe Ujedinjenog Kraljevstva u posjeti Slu\u017ebi za poslove sa strancima\" \/><\/a><\/figure><figure class=\"featured-thumbnail\" style=\"display:none;\"><a href=\"https:\/\/sps.gov.ba?p=9749\" title=\"Zamjenik direktora Grani\u010dne slu\u017ebe Ujedinjenog Kraljevstva u posjeti Slu\u017ebi za poslove sa strancima\"><img decoding=\"async\" src=\"https:\/\/sps.gov.ba\/wp-content\/uploads\/2026\/02\/IMG_0302-scaled-270x200.jpeg\" alt=\"Zamjenik direktora Grani\u010dne slu\u017ebe Ujedinjenog Kraljevstva u posjeti Slu\u017ebi za poslove sa strancima\" \/><\/a><\/figure><figure class=\"featured-thumbnail\" style=\"display:none;\"><a href=\"https:\/\/sps.gov.ba?p=9749\" title=\"Zamjenik direktora Grani\u010dne slu\u017ebe Ujedinjenog Kraljevstva u posjeti Slu\u017ebi za poslove sa strancima\"><img decoding=\"async\" src=\"https:\/\/sps.gov.ba\/wp-content\/uploads\/2026\/02\/IMG_0317-270x200.jpeg\" alt=\"Zamjenik direktora Grani\u010dne slu\u017ebe Ujedinjenog Kraljevstva u posjeti Slu\u017ebi za poslove sa strancima\" \/><\/a><\/figure><figure class=\"featured-thumbnail\" style=\"display:none;\"><a href=\"https:\/\/sps.gov.ba?p=9749\" title=\"Zamjenik direktora Grani\u010dne slu\u017ebe Ujedinjenog Kraljevstva u posjeti Slu\u017ebi za poslove sa strancima\"><img decoding=\"async\" src=\"https:\/\/sps.gov.ba\/wp-content\/uploads\/2026\/02\/IMG_0300-scaled-270x200.jpeg\" alt=\"Zamjenik direktora Grani\u010dne slu\u017ebe Ujedinjenog Kraljevstva u posjeti Slu\u017ebi za poslove sa strancima\" \/><\/a><\/figure><figure class=\"featured-thumbnail\" style=\"display:none;\"><a href=\"https:\/\/sps.gov.ba?p=9749\" title=\"Zamjenik direktora Grani\u010dne slu\u017ebe Ujedinjenog Kraljevstva u posjeti Slu\u017ebi za poslove sa strancima\"><img decoding=\"async\" src=\"https:\/\/sps.gov.ba\/wp-content\/uploads\/2026\/02\/IMG_0306-scaled-270x200.jpeg\" alt=\"Zamjenik direktora Grani\u010dne slu\u017ebe Ujedinjenog Kraljevstva u posjeti Slu\u017ebi za poslove sa strancima\" \/><\/a><\/figure><div class=\"desc\"><p class=\"excerpt\">Direktor Slu\u017ebe za poslove sa strancima, \u017darko Laketa, ugostio je delegaciju Ujedinjenog Kraljevstva koju su \u010dinili Jack Joseph, zamjenik direktora... <\/p><a href=\"https:\/\/sps.gov.ba?p=9749\" class=\"btn btn-primary\" title=\"Zamjenik direktora Grani\u010dne slu\u017ebe Ujedinjenog Kraljevstva u posjeti Slu\u017ebi za poslove sa strancima\">Vi\u0161e<\/a><\/div><\/li><\/ul><\/div><\/div><script>\n\t\t\tjQuery(document).ready(function(){\n\t\t\t\t\tjQuery(\"#carousel-\").elastislide({\n\t\t\t\t\t\timageW \t\t: 270,\n\t\t\t\t\t\tminItems\t: 2,\n\t\t\t\t\t\tspeed\t\t: 600,\n\t\t\t\t\t\teasing\t\t: \"easeOutQuart\",\n\t\t\t\t\t\tmargin\t\t: 30,\n\t\t\t\t\t\tborder\t\t: 0,\n\t\t\t\t\t\tonClick\t\t: function() {}\n\t\t\t\t\t});\n\t\t\t });<\/script><\/div><\/div>\n<div id=\"sveVijesti\"><div class=\"span12 \"><a href=\"blog\" title=\"ALL NEWS\" class=\"btn btn-primary btn-normal btn-inline \" target=\"_self\">ALL NEWS<\/a><!-- .btn --><\/div><\/div>\n<\/div><!-- .row (end) -->\n<div id=\"uvodnaDir\"><div class=\"box\">\n<div class=\"row \">\n<div class=\"span6 \"><h2><strong>Opening Statement of Director<\/strong><\/h2>\n<p><em>Dear Visitors,<\/em><\/p>\n<p style=\"text-align: justify;\">Welcome to the official Internet presentation of the Service for Foreigners\u2019 Affairs where you may find basic information on the institution, its competencies and organized structure thus the role that has in safety system of BiH through management legal and illegal migration, combating organized crime, smuggling and trafficking in human beings.<\/p>\n<p>Through a responsible approach and in order to provide timely information and developing transparent relationship with public, there are available information in the presentation on our plans and realized activities, cooperation with national and international partners, conducted public procurement, statistics reports and indicators as well all other relevant information for foreign citizens and the BiH citizens as well, through replies on the most frequent queries, precise guidelines and publications, electronic forms and list of required documentation for smooth and legal stay in BiH.<\/p>\n<p style=\"text-align: right;\"><strong><em>\u017darko LAKETA<\/em><\/strong><\/p>\n<div class=\"list styled custom-list\">\n<ul>\n<li><a href=\"https:\/\/sps.gov.ba\/?page_id=2479&amp;lang=en\">Director<\/a><\/li>\n<li><a href=\"https:\/\/sps.gov.ba\/?page_id=2485&amp;lang=en\">Deputy Director<\/a><\/li>\n<li><a href=\"https:\/\/sps.gov.ba\/?page_id=2482&amp;lang=en\">Assistant Director<\/a><\/li>\n<\/ul>\n<\/div><\/div>\n<div class=\"span6 \"><h2><strong>Field Offices<\/strong><\/h2>\n<div style=\"height: 500px;\">\r\n            \r\n            \r\n            \r\n            <a name='map22'><\/a>\r\n            \r\n            \r\n            \r\n            \r\n            <div class=\"wpgmza_map \"  id=\"wpgmza_map_22\" style=\"display:block; overflow:auto; width:100%; height:500px; float:left;\" data-settings='{\"id\":\"22\",\"map_title\":\"Terenski bez opstina\",\"map_width\":\"100\",\"map_height\":\"500\",\"map_start_lat\":\"44.001761\",\"map_start_lng\":\"17.368343\",\"map_start_location\":\"44.001760648578525,17.368343390625007\",\"map_start_zoom\":\"7\",\"default_marker\":\"0\",\"type\":\"1\",\"alignment\":\"1\",\"directions_enabled\":\"0\",\"styling_enabled\":\"0\",\"styling_json\":\"\",\"active\":\"0\",\"kml\":\"\",\"bicycle\":\"0\",\"traffic\":\"0\",\"dbox\":\"1\",\"dbox_width\":\"100\",\"listmarkers\":\"0\",\"listmarkers_advanced\":\"0\",\"filterbycat\":\"0\",\"ugm_enabled\":\"0\",\"ugm_category_enabled\":\"0\",\"fusion\":\"\",\"map_width_type\":\"\\\\%\",\"map_height_type\":\"px\",\"mass_marker_support\":\"0\",\"ugm_access\":\"0\",\"order_markers_by\":\"1\",\"order_markers_choice\":\"2\",\"show_user_location\":\"2\",\"default_to\":\"\",\"other_settings\":{\"wpgmza_store_locator_restrict\":\"\",\"wpgmza_sl_animation\":\"1\",\"store_locator_query_string\":\"ZIP \\\/ Address:\",\"store_locator_name_string\":\"Title \\\/ Description:\",\"wpgmza_dbox_width_type\":\"%\",\"map_max_zoom\":\"3\",\"map_min_zoom\":\"21\",\"sl_stroke_color\":\"FF0000\",\"sl_stroke_opacity\":\"0.25\",\"sl_fill_color\":\"FF0000\",\"sl_fill_opacity\":\"0.15\",\"click_open_link\":2,\"transport_layer\":0,\"iw_primary_color\":\"2A3744\",\"iw_accent_color\":\"252F3A\",\"iw_text_color\":\"FFFFFF\",\"wpgmza_iw_type\":\"0\",\"list_markers_by\":\"0\",\"push_in_map\":\"\",\"push_in_map_placement\":\"9\",\"wpgmza_push_in_map_width\":\"\",\"wpgmza_push_in_map_height\":\"\",\"wpgmza_theme_data\":\"[ { \\\\\\\"stylers\\\\\\\": [ { \\\\\\\"color\\\\\\\": \\\\\\\"#f5f5f5\\\\\\\" } ] } ]\",\"wpgmza_theme_selection\":7,\"upload_default_ul_marker\":\"\",\"upload_default_sl_marker\":\"\",\"shortcodeAttributes\":{\"id\":\"22\"}}}' data-map-id='22' data-shortcode-attributes='{\"id\":\"22\"}'> <\/div>\r\n            \r\n               \r\n        <\/div><\/div>\n<\/div><!-- .row (end) -->\n<\/div>\n<\/div>\n","protected":false},"excerpt":{"rendered":"","protected":false},"author":2,"featured_media":0,"parent":0,"menu_order":0,"comment_status":"open","ping_status":"closed","template":"page-home.php","meta":{"iawp_total_views":13278,"footnotes":""},"class_list":["post-2423","page","type-page","status-publish","hentry","cat-69-id"],"_links":{"self":[{"href":"https:\/\/sps.gov.ba\/index.php?rest_route=\/wp\/v2\/pages\/2423","targetHints":{"allow":["GET"]}}],"collection":[{"href":"https:\/\/sps.gov.ba\/index.php?rest_route=\/wp\/v2\/pages"}],"about":[{"href":"https:\/\/sps.gov.ba\/index.php?rest_route=\/wp\/v2\/types\/page"}],"author":[{"embeddable":true,"href":"https:\/\/sps.gov.ba\/index.php?rest_route=\/wp\/v2\/users\/2"}],"replies":[{"embeddable":true,"href":"https:\/\/sps.gov.ba\/index.php?rest_route=%2Fwp%2Fv2%2Fcomments&post=2423"}],"version-history":[{"count":23,"href":"https:\/\/sps.gov.ba\/index.php?rest_route=\/wp\/v2\/pages\/2423\/revisions"}],"predecessor-version":[{"id":7593,"href":"https:\/\/sps.gov.ba\/index.php?rest_route=\/wp\/v2\/pages\/2423\/revisions\/7593"}],"wp:attachment":[{"href":"https:\/\/sps.gov.ba\/index.php?rest_route=%2Fwp%2Fv2%2Fmedia&parent=2423"}],"curies":[{"name":"wp","href":"https:\/\/api.w.org\/{rel}","templated":true}]}}